{"id":11,"date":"2013-09-19T20:15:07","date_gmt":"2013-09-19T20:15:07","guid":{"rendered":"http:\/\/valledeparedes.wordpress.com\/?page_id=11"},"modified":"2013-09-19T20:15:07","modified_gmt":"2013-09-19T20:15:07","slug":"pueblo-ejemplar-asturias","status":"publish","type":"page","link":"https:\/\/valledeparedes.es\/?page_id=11","title":{"rendered":"Pueblo Ejemplar de Asturias"},"content":{"rendered":"<p><strong><span style=\"text-decoration:underline;\"><span style=\"color:#339966;text-decoration:underline;\">Valle y Parroquia de Paredes, Pueblo Ejemplar de Asturias 2001<\/span><\/span><\/strong><\/p>\n<p>El 16 de septiembre de 2001, el jurado de los Premios Pr\u00edncipe de Asturias reunido en Oviedo, acuerda por unanimidad nombrar al valle y parroquia de Paredes \u201c<a href=\"http:\/\/www.fpa.es\/es\/premio-al-pueblo-ejemplar-de-asturias\/galardonados\/valle-y-parroquia-de-paredes.html?anio=2001&amp;texto=informacion&amp;especifica=0\" target=\"_blank\" rel=\"noopener\">Pueblo Ejemplar de Asturias 2001<\/a>\u201d.<\/p>\n<p>Tras recibir la noticia, pronto corrieron las voces y el pueblo se reuni\u00f3 en San Pedro para celebrar por todo lo alto tan esperado premio.<\/p>\n<p>Tras realizar un sin fin de preparativos y mejoras en el pueblo, el 27 de octubre de 2001 se recibi\u00f3 la visita de SAR D. Felipe de Borb\u00f3n para entregar el premio, sin lugar a duda el d\u00eda m\u00e1s importante para todos los vecinos de la parroquia.<br \/>\nEra una ma\u00f1ana fr\u00eda, en la que el sol resplandec\u00eda en un cielo azul. Hacia las 12:00h, SAR D. Felipe de Borb\u00f3n aterriza en el valle, y tras saludar a las autoridades y a los miembros de la asociaci\u00f3n, comienza su visita por la iglesia parroquial. A continuaci\u00f3n prosigue con el discurso, entrega del galard\u00f3n y descubrimiento de la placa conmemorativa.\u00a0 A lo largo de su recorrido salud\u00f3 a la numerosa gente congregada en la plaza de San Pedro.<\/p>\n<p>La visita se complet\u00f3 en la antigua escuela, donde los ni\u00f1os le entregaron un trabajo que hab\u00edan realizado para \u00e9l. Visit\u00f3 a diversos artesanos que demostraron su oficio en vivo: talla de madera, hierro, madre\u00f1ero y un esfoy\u00f3n de ma\u00edz que recordaba los trabajos realizados anta\u00f1o.<br \/>\nPor \u00faltimo, la asociaci\u00f3n de vecinos le obsequia con un recuerdo, una r\u00e9plica en bronce de la estela funeraria de la Capilla de Ovienes.<\/p>\n<p>La jornada termin\u00f3 con una comida en San Pedro, con un suculento men\u00fa t\u00edpico de la zona.<\/p>\n\n\t\t<style type=\"text\/css\">\n\t\t\t#gallery-1 {\n\t\t\t\tmargin: auto;\n\t\t\t}\n\t\t\t#gallery-1 .gallery-item {\n\t\t\t\tfloat: left;\n\t\t\t\tmargin-top: 10px;\n\t\t\t\ttext-align: center;\n\t\t\t\twidth: 50%;\n\t\t\t}\n\t\t\t#gallery-1 img {\n\t\t\t\tborder: 2px solid #cfcfcf;\n\t\t\t}\n\t\t\t#gallery-1 .gallery-caption {\n\t\t\t\tmargin-left: 0;\n\t\t\t}\n\t\t\t\/* see gallery_shortcode() in wp-includes\/media.php *\/\n\t\t<\/style>\n\t\t<div id='gallery-1' class='gallery galleryid-11 gallery-columns-2 gallery-size-thumbnail'><dl class='gallery-item'>\n\t\t\t<dt class='gallery-icon landscape'>\n\t\t\t\t<a href='https:\/\/valledeparedes.es\/?attachment_id=99'><img loading=\"lazy\" decoding=\"async\" width=\"150\" height=\"150\" src=\"https:\/\/valledeparedes.es\/wp-content\/uploads\/2013\/09\/dscf2942-150x150.jpg\" class=\"attachment-thumbnail size-thumbnail\" alt=\"\" aria-describedby=\"gallery-1-99\" \/><\/a>\n\t\t\t<\/dt>\n\t\t\t\t<dd class='wp-caption-text gallery-caption' id='gallery-1-99'>\n\t\t\t\tPlaca Pueblo Ejemplar\n\t\t\t\t<\/dd><\/dl><dl class='gallery-item'>\n\t\t\t<dt class='gallery-icon portrait'>\n\t\t\t\t<a href='https:\/\/valledeparedes.es\/?attachment_id=98'><img loading=\"lazy\" decoding=\"async\" width=\"150\" height=\"150\" src=\"https:\/\/valledeparedes.es\/wp-content\/uploads\/2013\/09\/dscf2941-150x150.jpg\" class=\"attachment-thumbnail size-thumbnail\" alt=\"\" aria-describedby=\"gallery-1-98\" \/><\/a>\n\t\t\t<\/dt>\n\t\t\t\t<dd class='wp-caption-text gallery-caption' id='gallery-1-98'>\n\t\t\t\tMonolito con la placa \n\t\t\t\t<\/dd><\/dl><br style=\"clear: both\" \/><dl class='gallery-item'>\n\t\t\t<dt class='gallery-icon landscape'>\n\t\t\t\t<a href='https:\/\/valledeparedes.es\/?attachment_id=141'><img loading=\"lazy\" decoding=\"async\" width=\"150\" height=\"150\" src=\"https:\/\/valledeparedes.es\/wp-content\/uploads\/2013\/10\/felipe5g-150x150.gif\" class=\"attachment-thumbnail size-thumbnail\" alt=\"\" aria-describedby=\"gallery-1-141\" \/><\/a>\n\t\t\t<\/dt>\n\t\t\t\t<dd class='wp-caption-text gallery-caption' id='gallery-1-141'>\n\t\t\t\tLectura del preg\u00f3n\n\t\t\t\t<\/dd><\/dl><dl class='gallery-item'>\n\t\t\t<dt class='gallery-icon landscape'>\n\t\t\t\t<a href='https:\/\/valledeparedes.es\/?attachment_id=117'><img loading=\"lazy\" decoding=\"async\" width=\"150\" height=\"150\" src=\"https:\/\/valledeparedes.es\/wp-content\/uploads\/2013\/10\/felipe3g-150x150.gif\" class=\"attachment-thumbnail size-thumbnail\" alt=\"\" aria-describedby=\"gallery-1-117\" \/><\/a>\n\t\t\t<\/dt>\n\t\t\t\t<dd class='wp-caption-text gallery-caption' id='gallery-1-117'>\n\t\t\t\tDescubrimiento de la placa\n\t\t\t\t<\/dd><\/dl><br style=\"clear: both\" \/><dl class='gallery-item'>\n\t\t\t<dt class='gallery-icon landscape'>\n\t\t\t\t<a href='https:\/\/valledeparedes.es\/?attachment_id=116'><img loading=\"lazy\" decoding=\"async\" width=\"150\" height=\"150\" src=\"https:\/\/valledeparedes.es\/wp-content\/uploads\/2013\/10\/felipe1g-150x150.gif\" class=\"attachment-thumbnail size-thumbnail\" alt=\"\" aria-describedby=\"gallery-1-116\" \/><\/a>\n\t\t\t<\/dt>\n\t\t\t\t<dd class='wp-caption-text gallery-caption' id='gallery-1-116'>\n\t\t\t\tFoto de familia con AAVV y autoridades\n\t\t\t\t<\/dd><\/dl><dl class='gallery-item'>\n\t\t\t<dt class='gallery-icon landscape'>\n\t\t\t\t<a href='https:\/\/valledeparedes.es\/?attachment_id=115'><img loading=\"lazy\" decoding=\"async\" width=\"150\" height=\"150\" src=\"https:\/\/valledeparedes.es\/wp-content\/uploads\/2013\/09\/puente_baulanga_2-150x150.jpg\" class=\"attachment-thumbnail size-thumbnail\" alt=\"\" aria-describedby=\"gallery-1-115\" \/><\/a>\n\t\t\t<\/dt>\n\t\t\t\t<dd class='wp-caption-text gallery-caption' id='gallery-1-115'>\n\t\t\t\tPuente de Vega Langa (o Baulanga)\n\t\t\t\t<\/dd><\/dl><br style=\"clear: both\" \/>\n\t\t<\/div>\n\n<p><strong><span style=\"text-decoration:underline;\"><span style=\"color:#339966;text-decoration:underline;\">Acta del Jurado<\/span><\/span><\/strong><br \/>\nReunido en Oviedo el Jurado del Premio al Pueblo Ejemplar de Asturias 2001, integrado por D. Jes\u00fas Arango, D.Francisco Javier de la Ballina, D. Juan Campos Ans\u00f3, D. Efr\u00e9n Cires Su\u00e1rez, D. Felipe Fern\u00e1ndez, D. Nicanor Fern\u00e1ndez, D. Severino Garc\u00eda Vig\u00f3n, D. Joaqu\u00edn Manzanares Rodr\u00edguez, D. Jos\u00e9 Luis Marr\u00f3n Jaquete, D. Ignacio Mart\u00ednez, D. Jos\u00e9 Mar\u00eda Patac de las Traviesas, D. Jos\u00e9 Luis P\u00e9rez de Castro, D. Ignacio Quintana Pedr\u00f3s, D. Francisco Quir\u00f3s Linares, D\u00aa. Carmen Ruiz-Tilve Arias, D. Valent\u00edn Ruiz Garc\u00eda, D. Miguel Trevin, D. V\u00edctor V\u00e1zquez Fern\u00e1ndez, presidido por D. Francisco Rodr\u00edguez Garc\u00eda y actuando de secretario D. Adolfo Barthe Aza, a la vista de las sucesivas votaciones y de los resultados obtenidos en la mismas, acuerda conceder por unanimidad el Premio al Pueblo Ejemplar de Asturias 2001 al Valle y Parroquia de Paredes (Vald\u00e9s).<\/p>\n<p>Con la concesi\u00f3n de este galard\u00f3n el Jurado quiere reconocer la implicaci\u00f3n de sus vecinos en un trabajo ejemplarmente desarrollado en pro de la conservaci\u00f3n, tanto de los rasgos del espacio natural, tarea en la que han puesto en relieve una aguda sensibilidad y constancia como en la de su patrimonio hist\u00f3rico y etnogr\u00e1fico, a la par que han dado prueba de estar en posesi\u00f3n de un notable sentimiento de solidaridad vecinal. Conjunto de circunstancias que hacen del Valle y Parroquia de Paredes un colectivo merecedor de ser reconocido mediante el premio que se le otorga. El Jurado desea as\u00ed mismo destacar el entusiasmo y la tenacidad que la Asociaci\u00f3n de Vecinos \u00abValle de Paredes\u00bb han demostrado presentando reiteradamente su candidatura a este galard\u00f3n.<\/p>\n<p>El Jurado reconoce tambi\u00e9n los m\u00e9ritos de San Ignacio de los Beyos, en Ponga, que ha resultado finalista.<\/p>\n<p><strong><span style=\"text-decoration:underline;\"><span style=\"color:#339966;text-decoration:underline;\">Palabras de Su Alteza Real el Pr\u00edncipe de Asturias en el acto de entrega del Premio al Pueblo Ejemplar<\/span><\/span><\/strong><\/p>\n<p><strong>Valle de Paredes, 27 de octubre de 2001<\/strong><br \/>\nCon verdadera ilusi\u00f3n vengo al Valle de Paredes para compartir con vosotros unas horas de uni\u00f3n, de feliz convivencia y de esperanza; unas horas muy especiales e inolvidables, que hab\u00e9is construido con intenso trabajo, sin desalientos, hasta conseguir muy merecidamente este Premio al Pueblo Ejemplar de Asturias que os acabo de entregar. Es emocionante premiar a quienes tan profundamente sienten que han hecho, con su esfuerzo, un gran bien a su comunidad. Os doy las gracias por ello.<br \/>\nEste acto, sencillo y aut\u00e9ntico, hace posible, un a\u00f1o m\u00e1s, que visite otro hermoso lugar de esta querida Asturias. Me permite guardar para siempre en mi memoria momentos entra\u00f1ables, en esta ocasi\u00f3n en el marco de vuestro apacible y bell\u00edsimo valle, del que, por tantas razones, tan orgullosos os sent\u00eds.<\/p>\n<p>Vuestra actitud responsable, vuestro comportamiento como vecinos solidarios, deben tener el reconocimiento de todos. S\u00e9 de la constancia que hab\u00e9is tenido para que se distinga la ejemplaridad de vuestros desvelos; s\u00e9 de vuestro tes\u00f3n por mostrarnos a todos, confiados en vuestros m\u00e9ritos, lo mucho que hab\u00e9is hecho, convencidos de que los valores m\u00e1s importantes de una comunidad se asientan en el respeto por el patrimonio heredado de las generaciones que os precedieron y a las que, en modo alguno, quer\u00e9is olvidar. Esta actitud tambi\u00e9n os honra.<\/p>\n<p>Porque es cierto que no es posible el progreso verdadero sin valorar los sutiles e imprescindibles lazos que nos unen al pasado, sin preservar las tradiciones y la memoria, sin sentir y cuidar lo cercano. Todo ello constituye la ra\u00edz m\u00e1s honda para elevarse y buscar nuevos horizontes, como hacen los viejos e invencibles \u00e1rboles de los bosques que rodean este maravilloso lugar.<\/p>\n<p>Ese progreso sab\u00e9is que no se alcanza destruyendo el medio natural, o alter\u00e1ndolo irremediablemente, sino haciendo una apuesta por la vida, como ahora, con verdadera admiraci\u00f3n, se os reconoce que hab\u00e9is hecho.<\/p>\n<p>Vuestro decidido y apasionado trabajo os permite seguir creyendo en un futuro mejor para vosotros y para vuestros hijos. Al entregaros con la fortaleza de las mejores convicciones al cuidado de vuestra parroquia y de vuestro valle, hab\u00e9is mostrado tambi\u00e9n un alto grado de civismo. Porque con nada debemos ser m\u00e1s respetuosos que con el aire, el agua, los bosques, la generosa naturaleza que nos entrega todo. De ello depende, verdaderamente, nuestro porvenir. Vosotros ten\u00e9is la fortuna de disfrutarlo gracias a vuestra cooperaci\u00f3n y desvelos.<\/p>\n<p>Haciendo un uso moderado y arm\u00f3nico de la tierra que vuestros mayores os han legado, hab\u00e9is logrado lo que no es f\u00e1cil de alcanzar: preservar para el futuro un paisaje y una naturaleza admirables, transmitiendo a vuestros herederos una lecci\u00f3n de respeto a la tradici\u00f3n y a las acciones comunitarias, para ense\u00f1arles, de ese modo, que, con firme voluntad y s\u00f3lidos principios, se alcanzan las m\u00e1s dif\u00edciles metas.<\/p>\n<p>Quiero felicitar a la Asociaci\u00f3n de Vecinos \u00abValle de Paredes\u00bb por haber presentado esta candidatura y por su tenacidad y entusiasmo, que el Jurado ha destacado en el acta de concesi\u00f3n. Es esta unidad de acci\u00f3n, tan s\u00f3lidamente construida, la que os ha conducido al \u00e9xito. Deb\u00e9is mantenerla y cuidarla como uno de vuestros mayores tesoros, pues iniciativas como las que hab\u00e9is emprendido, en las que brillan la responsabilidad, el esp\u00edritu de superaci\u00f3n y la buena vecindad, son un ejemplo para todos.<\/p>\n<p>Vosotros sab\u00e9is hasta qu\u00e9 punto acontecimientos y problemas nacidos muy lejos pueden afectar nuestro devenir, c\u00f3mo lo que sucede en lejanos pa\u00edses puede influir decisivamente en nuestras vidas. Cuando la historia acelera su eterno movimiento para llevarnos a una nueva era en la que todo parece m\u00e1s inseguro y vulnerable, necesitamos, quiz\u00e1 m\u00e1s que nunca, la atenci\u00f3n y el cari\u00f1o por lo m\u00e1s pr\u00f3ximo. Nos dar\u00e1 fortaleza y nos permitir\u00e1 mantener viva la esperanza.<\/p>\n<p>Agradezco y felicito al Jurado por su decisi\u00f3n y animo a todos los pueblos que han presentado su candidatura para que sigan trabajando cada d\u00eda con ilusi\u00f3n.<\/p>\n<p>Aqu\u00ed cerca, vuestro r\u00edo Esva sigue con su canci\u00f3n alegre y limpia. Ese rumor debe ser una permanente llamada a vuestras conciencias, una llamada que os invite a ser los mejores y a superaros continuamente. No dej\u00e9is de escucharla, porque estoy seguro de que nunca os decepcionar\u00e1.<\/p>\n<p>A los vecinos m\u00e1s j\u00f3venes del valle, os pido que continu\u00e9is por la senda iniciada, en concordia, con el mismo entusiasmo y la misma alegr\u00eda con la que hab\u00e9is hecho tantas obras buenas. Seguid cuidando vuestro pueblo y vuestro valle, proteged su hermosura, su ejemplaridad.<\/p>\n<p>\u00a1Muchas gracias y enhorabuena a todos!<\/p>\n","protected":false},"excerpt":{"rendered":"<p>Valle y Parroquia de Paredes, Pueblo Ejemplar de Asturias 2001 El 16 de septiembre de 2001, el jurado de los Premios Pr\u00edncipe de Asturias reunido en Oviedo, acuerda por unanimidad nombrar al valle y parroquia de Paredes \u201cPueblo Ejemplar de Asturias 2001\u201d. Tras recibir la noticia, pronto corrieron las voces y el pueblo se reuni\u00f3 [&hellip;]<\/p>\n","protected":false},"author":2,"featured_media":0,"parent":0,"menu_order":5,"comment_status":"open","ping_status":"open","template":"","meta":{"footnotes":""},"class_list":["post-11","page","type-page","status-publish","hentry"],"aioseo_notices":[],"_links":{"self":[{"href":"https:\/\/valledeparedes.es\/index.php?rest_route=\/wp\/v2\/pages\/11","targetHints":{"allow":["GET"]}}],"collection":[{"href":"https:\/\/valledeparedes.es\/index.php?rest_route=\/wp\/v2\/pages"}],"about":[{"href":"https:\/\/valledeparedes.es\/index.php?rest_route=\/wp\/v2\/types\/page"}],"author":[{"embeddable":true,"href":"https:\/\/valledeparedes.es\/index.php?rest_route=\/wp\/v2\/users\/2"}],"replies":[{"embeddable":true,"href":"https:\/\/valledeparedes.es\/index.php?rest_route=%2Fwp%2Fv2%2Fcomments&post=11"}],"version-history":[{"count":0,"href":"https:\/\/valledeparedes.es\/index.php?rest_route=\/wp\/v2\/pages\/11\/revisions"}],"wp:attachment":[{"href":"https:\/\/valledeparedes.es\/index.php?rest_route=%2Fwp%2Fv2%2Fmedia&parent=11"}],"curies":[{"name":"wp","href":"https:\/\/api.w.org\/{rel}","templated":true}]}}